{"id":38072,"date":"2021-09-25T21:18:14","date_gmt":"2021-09-25T19:18:14","guid":{"rendered":"https:\/\/landioustravel.com\/?page_id=38072"},"modified":"2021-09-26T11:41:54","modified_gmt":"2021-09-26T09:41:54","slug":"nagy-szfinx","status":"publish","type":"page","link":"https:\/\/landioustravel.com\/hu\/gizai-piramis-komplexum\/nagy-szfinx\/","title":{"rendered":"Nagy Szfinx"},"content":{"rendered":"\n<p class=\"wp-block-paragraph\">A Nagy Szfinx a vil\u00e1g egyik legjelent\u0151sebb szobra. A h\u00e1trad\u0151lt oroszl\u00e1n test\u00e9t \u00e9s az emberi fej\u00e9t bemutatva k\u00f6zel 66 l\u00e1b magas. Ennek a csod\u00e1latos szobornak a hossza k\u00f6r\u00fclbel\u00fcl 240 l\u00e1b. Kir\u00e1lyi fejd\u00edsz d\u00edsz\u00edti a Szfinx emberi fej\u00e9t.<\/p>\n\n\n\n<p class=\"wp-block-paragraph\">Ez az \u00f3ri\u00e1si szobor Khafre f\u00e1ra\u00f3 v\u00f6lgyi templom\u00e1ban \u00e1ll. S\u0151t, az arc hasonl\u00edt Khafre f\u00e1ra\u00f3hoz. Ez\u00e9rt a t\u00f6rt\u00e9n\u00e9szek a Nagy Szfinxet a 4. dinaszti\u00e1ba dat\u00e1lj\u00e1k. Ez\u00e9rt a Szfinx tulajdonjoga Khafre fel\u00e9 hajlik.<\/p>\n\n\n\n<p class=\"wp-block-paragraph\">Egyes tud\u00f3sok azonban \u00fagy v\u00e9lik, hogy Khafre id\u0151sebb testv\u00e9re, Redjedef \u00e9p\u00edtette az eml\u00e9km\u0171vet. Tal\u00e1n Redjedef \u00e9p\u00edtette a Szfinxet, hogy tisztelje apjukat, Khufut. S\u0151t, az emberek vitatj\u00e1k, hogy a Nagy Szfinx jobban hasonl\u00edt Khufu kir\u00e1lyra, mint Khafre.<\/p>\n\n\n\n\n\n<h2 class=\"wp-block-heading\" id=\"h-nagy-szfinx-helye\">Nagy Szfinx helye<\/h2>\n\n\n\n<p class=\"wp-block-paragraph\">A Nagy Szfinx a <a href=\"https:\/\/landioustravel.com\/hu\/gizai-piramis-komplexum\/\">g\u00edzai piramiskomplexumban<\/a> \u00e1ll, a <a href=\"https:\/\/landioustravel.com\/hu\/egyiptom\/nilus-folyo\/\">N\u00edlus<\/a> nyugati partj\u00e1n, G\u00edz\u00e1ban, <a href=\"https:\/\/landioustravel.com\/hu\/egyiptom\/\">Egyiptomban<\/a>. A Szfinx k\u00f6zvetlen\u00fcl nyugatr\u00f3l keletre n\u00e9z, \u00e9s a <a href=\"https:\/\/www.google.com\/maps\/place\/Giza+Plateau\/@29.9769337,31.1151415,14z\/data=!3m1!4b1!4m5!3m4!1s0x14584f7d8bcaeed7:0x99080d8373c4b76d!8m2!3d29.9769353!4d31.1326511\" target=\"_blank\" rel=\"noreferrer noopener\">g\u00edzai fenns\u00edkon<\/a> \u00e1ll. Ez a nagy eml\u00e9km\u0171 tov\u00e1bbra is az \u00f3kori Egyiptom egyik legr\u00e9gebbi ismert m\u0171eml\u00e9k \u00e9p\u00edtm\u00e9nye. Ezenk\u00edv\u00fcl ez az egyik legismertebb \u00e9p\u00edtm\u00e9ny, amelyet a g\u00edzai nekropoliszban l\u00e1that.<\/p>\n\n\n\n<div style=\"min-height:400px\" data-map-attr=\"\/qaddress\/q:\/qsphinx\/q||\/qlat\/q:\/qundefined\/q||\/qlng\/q:\/qundefined\/q||\/qskin\/q:\/qstandard\/q||\/qzoom\/q:\/q12\/q||\/qiconSize\/q:\/q36\/q||\/qmapTypeControl\/q:\/qtrue\/q||\/qzoomControl\/q:\/qtrue\/q||\/qstreetViewControl\/q:\/qtrue\/q||\/qfullscreenControl\/q:\/qtrue\/q\" class=\"wp-block-coblocks-map\"><iframe title=\"Google Map\" frameborder=\"0\" style=\"width:100%;min-height:400px\" src=\"https:\/\/www.google.com\/maps?q=sphinx&amp;output=embed&amp;hl=en-US&amp;z=12\"><\/iframe><\/div>\n\n\n\n<h2 class=\"wp-block-heading\">Mi az a Szfinx?<\/h2>\n\n\n\n<p class=\"wp-block-paragraph\">A szfinx egy mitikus l\u00e9ny, akinek emberi arca \u00e9s oroszl\u00e1n teste van. Ez\u00e9rt az egyiptomi, \u00e1zsiai \u00e9s g\u00f6r\u00f6g mitol\u00f3gia kiemelked\u0151 mitol\u00f3giai saj\u00e1toss\u00e1ga.<\/p>\n\n\n\n<p class=\"wp-block-paragraph\">Az \u00f3kori egyiptomiak azt hitt\u00e9k, hogy a Szfinx szellemi \u0151rz\u0151. Gyakran a l\u00e9ny egy f\u00e9rfit \u00e1br\u00e1zol, f\u00e1ra\u00f3 fejd\u00edszel.<\/p>\n\n\n\n<h2 class=\"wp-block-heading\">T\u00f6rt\u00e9nelem<\/h2>\n\n\n\n<p class=\"wp-block-paragraph\">A Szfinx egy monolit szobor, amelyet a fenns\u00edk alapk\u0151zet\u00e9b\u0151l faragtak ki. Kr.e. 2500 k\u00f6r\u00fcl a f\u00e1ra\u00f3 kir\u00e1ly meg\u00e9p\u00edtette Giza m\u00e1sodik piramis\u00e1t is. Ezenk\u00edv\u00fcl a szobor el\u0151tti templom k\u00e9pezi a test k\u00f6r\u00e9 v\u00e1gott k\u00f6veket.<\/p>\n\n\n\n<p class=\"wp-block-paragraph\">A tizennyolcadik dinasztia idej\u00e9n az \u00f3kori egyiptomiak a Szfinxet \u201eA l\u00e1t\u00f3hat\u00e1r <a href=\"https:\/\/landioustravel.com\/hu\/egyiptom\/egyiptomi-istensegek\/isten-horusz\/\">H\u00f3rusz\u00e1nak<\/a>\u201d, m\u00e1s n\u00e9ven \u201eNekropolisz H\u00f3rus\u00e1nak\u201d nevezt\u00e9k. Ez a n\u00e9v a hatalmas napistenre utal, amely a horizont felett \u00e1ll.<\/p>\n\n\n\n<p class=\"wp-block-paragraph\">A t\u00f6rt\u00e9n\u00e9szek a Szfinx \u00e9s a piramisok szervez\u00e9s\u00e9re adott elm\u00e9letet t\u00e1rs\u00edtott\u00e1k. Felt\u00e9telezt\u00e9k, hogy a Nagy Szfinxnek isteni c\u00e9lja lehet. Ezek a szerkezetek a nap erej\u00e9t ir\u00e1ny\u00edtj\u00e1k Khafre f\u00e1ra\u00f3 lelk\u00e9nek felt\u00e1maszt\u00e1s\u00e1ra.<\/p>\n\n\n\n<h2 class=\"wp-block-heading\">A Szfinx \u00e9p\u00edt\u00e9se<\/h2>\n\n\n\n<p class=\"wp-block-paragraph\">Konkr\u00e9t becsl\u00e9sek szerint az eml\u00e9km\u0171 \u00e9p\u00edt\u00e9se k\u00f6r\u00fclbel\u00fcl h\u00e1rom \u00e9vet vett ig\u00e9nybe. \u00c9vente k\u00f6r\u00fclbel\u00fcl 100 dolgoz\u00f3 dolgozhatott. K\u0151kalap\u00e1csokat \u00e9s r\u00e9zv\u00e9s\u0151ket haszn\u00e1ln\u00e1nak a szobor befejez\u00e9s\u00e9hez.<\/p>\n\n\n\n<p class=\"wp-block-paragraph\">Ez az eml\u00e9km\u0171 nem \u00e1llt \u00f6ssze darabonk\u00e9nt. L\u00e9nyeg\u00e9ben a g\u00edzai nagy szfinx m\u00e9szk\u0151t\u00f6megb\u0151l sz\u00e1rmazik. Ez a m\u00e9szk\u0151 akkor ker\u00fclt el\u0151, amikor a munk\u00e1sok k\u0151b\u00e1ny\u00e1t v\u00e1gtak a g\u00edzai fenns\u00edk k\u00f6r\u00fcl.<\/p>\n\n\n\n<p class=\"wp-block-paragraph\">A bizony\u00edt\u00e9kok szerint tal\u00e1n ez a szobor eredetileg nagyobbnak kellett volna lennie. A munk\u00e1sok azonban sietve elhagyt\u00e1k a helysz\u00ednt. A r\u00e9g\u00e9szek feldolgoz\u00e1s n\u00e9lk\u00fcl h\u00e1trahagyott nagy k\u0151t\u00f6mb\u00f6ket tal\u00e1ltak. A webhely k\u00f6zel\u00e9ben tal\u00e1lt elhagyott szersz\u00e1mk\u00e9szletek ugyanezt sugallj\u00e1k.<\/p>\n\n\n\n<p class=\"wp-block-paragraph\">A t\u00f6rt\u00e9n\u00e9szek k\u00f6vetkeztet\u00e9st vontak le a Szfinx falain tal\u00e1lt graffitivel \u00f6sszhangban. Lehner r\u00e9g\u00e9sz arra a k\u00f6vetkeztet\u00e9sre jutott, hogy az egyiptomi uralkod\u00f3 nem haszn\u00e1lt rabszolg\u00e1kat a munkaer\u0151re.<\/p>\n\n\n\n<h2 class=\"wp-block-heading\">A mumifik\u00e1ci\u00f3s templom \u00e9p\u00edt\u00e9se<\/h2>\n\n\n\n<p class=\"wp-block-paragraph\">Az 1980 -as \u00e9vekben a t\u00f6rt\u00e9n\u00e9szek konkr\u00e9t bizony\u00edt\u00e9kokat t\u00e1rtak fel a m\u00e9szk\u0151vel kapcsolatban. A szfinx templomot alkot\u00f3 t\u00f6mb\u00f6k a szobrot k\u00f6r\u00fclvev\u0151 \u00e1rokb\u00f3l sz\u00e1rmaztak.<\/p>\n\n\n\n<p class=\"wp-block-paragraph\">Ennek megfelel\u0151en azt javasolt\u00e1k, hogy a munk\u00e1sok vonj\u00e1k el a k\u0151b\u00e1nya t\u00f6mbjeit a Szfinxb\u0151l. Ezt k\u00f6vet\u0151en az \u00e9p\u00edt\u0151k fel\u00e9p\u00edtett\u00e9k a Mumifik\u00e1ci\u00f3s templomot n\u00e9h\u00e1ny bajnoks\u00e1g haszn\u00e1lat\u00e1val, mint amilyen a szobor volt.<\/p>\n\n\n\n<h2 class=\"wp-block-heading\">A Nagy Szfinxhez kapcsol\u00f3d\u00f3 mitol\u00f3gia<\/h2>\n\n\n\n<p class=\"wp-block-paragraph\">Az els\u0151 k\u00f6zbens\u0151 id\u0151szak k\u00f6r\u00fcl a Nekropolisz elhagyott. Ezt k\u00f6vet\u0151en a sodr\u00f3d\u00f3 homok v\u00e1llig temette ezt a kolossz\u00e1lis alakot.<\/p>\n\n\n\n<p class=\"wp-block-paragraph\">Az els\u0151 \u00e1sat\u00e1si k\u00eds\u00e9rlet i. E. 1400 -ban t\u00f6rt\u00e9nt. A Szfinx hatalmas mancsai k\u00f6z\u00f6tt tal\u00e1lt \u00e1lomst\u00e9l\u00e9 illusztr\u00e1lja ezt a k\u00eds\u00e9rletet. A szt\u00e9l\u00e9 elmondja, hogyan aludt el Thutmose herceg, II. Amenhotep fia e nagy \u0151r k\u00f6zel\u00e9ben.<\/p>\n\n\n\n<p class=\"wp-block-paragraph\">Az \u00e1lomban a szobor panaszkodott rendetlens\u00e9g\u00e9re. Ez\u00e9rt a Szfinx alkut k\u00f6t\u00f6tt a fiatal \u00e1rral. Ha a herceg vissza\u00e1ll\u00edtja a Szfinxet, az seg\u00edt neki abban, hogy f\u00e1ra\u00f3 legyen.<\/p>\n\n\n\n<p class=\"wp-block-paragraph\">Ennek megfelel\u0151en a fiatal herceg csapatot gy\u0171jt\u00f6tt \u00f6ssze, \u00e9s siker\u00fclt ki\u00e1sni a Szfinx el\u00fcls\u0151 mancs\u00e1t. Egy szent\u00e9lyt emelnek k\u00f6z\u00e9j\u00fck, amelyben az \u00e1lomszt\u00e9l\u00e9 tal\u00e1lhat\u00f3. Az, hogy az \u00e1lom megval\u00f3sult -e vagy sem, vitathat\u00f3. A herceg azonban IV. Thutmosz f\u00e1ra\u00f3 lett. Ennek megfelel\u0151en egy szfinx -im\u00e1d\u00f3 kult\u00far\u00e1t is bemutatott n\u00e9p\u00e9nek.<\/p>\n\n\n\n<h2 class=\"wp-block-heading\">Modern \u00e1sat\u00e1sok<\/h2>\n\n\n\n<p class=\"wp-block-paragraph\">Az olasz Giovanni Battista fel\u00fcgyelte az els\u0151 modern r\u00e9g\u00e9szeti \u00e1sat\u00e1st. Ez v\u00e9g\u00fcl a Szfinx mellkas\u00e1nak felt\u00e1r\u00e1s\u00e1hoz vezetett. 1887 elej\u00e9n teljesen felt\u00e1rta a szobrot. L\u00e9pcs\u0151sorokat fedeztek fel. Ez\u00e9rt a t\u00f6rt\u00e9n\u00e9szek v\u00e9g\u00fcl kisz\u00e1m\u00edtott\u00e1k a szobor pontos m\u00e9r\u00e9seit.<\/p>\n\n\n\n<p class=\"wp-block-paragraph\">A legalacsonyabb l\u00e9pcs\u0151t\u0151l a magass\u00e1g k\u00f6r\u00fclbel\u00fcl 100 l\u00e1b volt. S\u0151t, a mancsok k\u00f6z\u00f6tti t\u00e1vols\u00e1g harminc\u00f6t l\u00e1b volt.<\/p>\n\n\n\n<p class=\"wp-block-paragraph\">A 19. sz\u00e1zadi \u00e1sat\u00e1sok sor\u00e1n faragott k\u0151szak\u00e1lldarabokat tal\u00e1ltak. Ezenk\u00edv\u00fcl a v\u00f6r\u00f6s pigment maradv\u00e1nyai tov\u00e1bbra is l\u00e1that\u00f3k az arcon. Ez\u00e9rt a kutat\u00f3k arra a k\u00f6vetkeztet\u00e9sre jutottak, hogy kor\u00e1bban a Szfinx teljes l\u00e1tk\u00e9p\u00e9n v\u00f6r\u00f6s fest\u00e9k volt.<\/p>\n\n\n\n<p class=\"wp-block-paragraph\">Mark Lehner k\u00e9k \u00e9s s\u00e1rga fest\u00e9knyomokat is tal\u00e1lt a szobron. Ez\u00e9rt azt javasolta, hogy az \u00f3kori egyiptomiak teljesen a m\u00faltban festett\u00e9k.<\/p>\n\n\n\n<h2 class=\"wp-block-heading\">Legut\u00f3bbi restaur\u00e1ci\u00f3k<\/h2>\n\n\n\n<p class=\"wp-block-paragraph\">1931 -ben az egyiptomi korm\u00e1ny megjav\u00edtotta a szobor fej\u00e9t. 1926 -ban az er\u00f3zi\u00f3 miatt a fejd\u00edsz egy r\u00e9sze leesett. Ez\u00e9rt m\u00e9ly v\u00e1g\u00e1st is hozott a Szfinx nyak\u00e1ba. Bet\u00e9tgall\u00e9rt tettek a sapka \u00e9s a nyak k\u00f6z\u00e9.<\/p>\n\n\n\n<p class=\"wp-block-paragraph\">Az 1980 -as \u00e9s 1990 -es \u00e9vekben a r\u00e9g\u00e9szek n\u00e9mi fel\u00faj\u00edt\u00e1st v\u00e9geztek a k\u0151alapon \u00e9s a sziklatesten. Ez azonban megv\u00e1ltoztatta a profilt. S\u0151t, az emberek k\u00e9s\u0151bb t\u00f6bb fel\u00faj\u00edt\u00e1st is tartottak.<\/p>\n\n\n\n<h2 class=\"wp-block-heading\">Az orr miszt\u00e9riuma<\/h2>\n\n\n\n<p class=\"wp-block-paragraph\">A Szfinx orra \u00e1lland\u00f3 s\u00e9r\u00fcl\u00e9seket mutat a h\u00eddon \u00e9s az orrlyuk ter\u00fclet\u00e9n. \u00dagy t\u0171nik, hossz\u00fa rudakat vagy v\u00e9s\u0151ket kalap\u00e1ltak le a h\u00eddr\u00f3l \u00e9s az orrlyuk alatt. Tov\u00e1bb\u00e1 a lehajtott orr d\u00e9li ir\u00e1nyba mutatott. Ez\u00e9rt az egy m\u00e9ter sz\u00e9les orr elveszett a mai napig.<\/p>\n\n\n\n<p class=\"wp-block-paragraph\">Mark Lehner r\u00e9g\u00e9sz tanulm\u00e1nyt v\u00e9gzett, \u00e9s arra a k\u00f6vetkeztet\u00e9sre jutott, hogy az orr sz\u00e1nd\u00e9kosan elt\u00f6rt. Ezt a tanulm\u00e1nyt az i.sz. 3. \u00e9s 10. sz\u00e1zad k\u00f6r\u00fcl v\u00e9gezte.<\/p>\n\n\n\n<p class=\"wp-block-paragraph\">Sok mese szerint Bonaparte Nap\u00f3leon serege \u00e1gy\u00fagoly\u00f3kat haszn\u00e1lt az orr elpuszt\u00edt\u00e1s\u00e1ra. Az illusztr\u00e1ci\u00f3k azonban orr n\u00e9lk\u00fcli szfinxet t\u00e1rnak fel Nap\u00f3leon el\u0151tt. Egy m\u00e1sik elm\u00e9let szerint Muhammad Sa\u2019im al-Dahr megcsonk\u00edtotta a szobrot. A 14. sz\u00e1zadban a b\u00e1lv\u00e1nyim\u00e1d\u00e1s ellen tiltakozott.<\/p>\n\n\n\n<h2 class=\"wp-block-heading\">K\u00f6vetkeztet\u00e9s\u00a0<\/h2>\n\n\n\n<p class=\"wp-block-paragraph\">A r\u00e9g\u00e9szek ezt a csod\u00e1latos eml\u00e9km\u0171vet kozmikus motork\u00e9nt \u00edrj\u00e1k le. \u00c9s ezt, a <a href=\"https:\/\/landioustravel.com\/hu\/egyiptom\/egyiptomi-faraok\/\">f\u00e1ra\u00f3k<\/a> \u00e9p\u00edtett\u00e9k, hogy kihaszn\u00e1lj\u00e1k a nap \u00e9s m\u00e1s <a href=\"https:\/\/landioustravel.com\/hu\/egyiptom\/egyiptomi-istensegek\/\">istenek<\/a> erej\u00e9t. Ez az a fajta er\u0151, amelyet a titokzatos \u00e9s nagyszer\u0171 Szfinx birtokol. Az id\u0151k sor\u00e1n t\u00f6bb vihar is viharzott ezen a gizai nekropoliszon. Az eml\u00e9km\u0171 nagyszer\u0171s\u00e9ge azonban \u00e9rintetlen marad. A Nagy Szfinx tov\u00e1bbra is rejt\u00e9ly az <a href=\"https:\/\/landioustravel.com\/hu\/egyiptom\/egyiptom-tortenete\/az-okori-egyiptomi-tortenelem\/\">\u00f3kori egyiptomi t\u00f6rt\u00e9nelemb\u0151l<\/a>.<\/p>\n","protected":false},"excerpt":{"rendered":"<p>A Nagy Szfinx a vil\u00e1g egyik legjelent\u0151sebb szobra. A h\u00e1trad\u0151lt oroszl\u00e1n test\u00e9t \u00e9s az emberi fej\u00e9t bemutatva k\u00f6zel 66 l\u00e1b magas. Ennek a csod\u00e1latos szobornak a hossza k\u00f6r\u00fclbel\u00fcl 240 l\u00e1b. Kir\u00e1lyi fejd\u00edsz d\u00edsz\u00edti a Szfinx emberi fej\u00e9t. Ez az \u00f3ri\u00e1si szobor Khafre f\u00e1ra\u00f3 v\u00f6lgyi templom\u00e1ban \u00e1ll. S\u0151t, az arc hasonl\u00edt Khafre f\u00e1ra\u00f3hoz. Ez\u00e9rt a t\u00f6rt\u00e9n\u00e9szek [&hellip;]<\/p>\n","protected":false},"author":1,"featured_media":0,"parent":36640,"menu_order":0,"comment_status":"open","ping_status":"closed","template":"","meta":{"wpai_generated_summary":"","_wpcom_ai_launchpad_about_page":false,"_wpcom_ai_launchpad_gallery_page":false,"_wpcom_ai_launchpad_contact_page":false,"_wpcom_ai_launchpad_events_page":false,"_wpcom_ai_launchpad_video_page":false,"_wpcom_ai_launchpad_portfolio_piece":false,"footnotes":""},"class_list":["post-38072","page","type-page","status-publish","hentry"],"yoast_head":"<!-- This site is optimized with the Yoast SEO Premium plugin v28.4 (Yoast SEO v28.4) - https:\/\/yoast.com\/product\/yoast-seo-premium-wordpress\/ -->\n<title>Nagy Szfinx - Helysz\u00edn \u00e9s t\u00f6rt\u00e9nelem - Landious Travel<\/title>\n<meta name=\"description\" content=\"Nagy Szfinx a vil\u00e1g egyik legjelent\u0151sebb szobra. A h\u00e1trad\u0151lt oroszl\u00e1n test\u00e9t \u00e9s az emberi fej\u00e9t bemutatva k\u00f6zel 66 l\u00e1b magas. Ennek a\" \/>\n<meta name=\"robots\" content=\"index, follow, max-snippet:-1, max-image-preview:large, max-video-preview:-1\" \/>\n<link rel=\"canonical\" href=\"https:\/\/landioustravel.com\/hu\/gizai-piramis-komplexum\/nagy-szfinx\/\" \/>\n<meta property=\"og:locale\" content=\"hu_HU\" \/>\n<meta property=\"og:type\" content=\"article\" \/>\n<meta property=\"og:title\" content=\"Nagy Szfinx\" \/>\n<meta property=\"og:description\" content=\"Nagy Szfinx a vil\u00e1g egyik legjelent\u0151sebb szobra. A h\u00e1trad\u0151lt oroszl\u00e1n test\u00e9t \u00e9s az emberi fej\u00e9t bemutatva k\u00f6zel 66 l\u00e1b magas. Ennek a\" \/>\n<meta property=\"og:url\" content=\"https:\/\/landioustravel.com\/hu\/gizai-piramis-komplexum\/nagy-szfinx\/\" \/>\n<meta property=\"og:site_name\" content=\"Landious Travel\" \/>\n<meta property=\"article:publisher\" content=\"https:\/\/web.facebook.com\/landiousEgypt\" \/>\n<meta property=\"article:modified_time\" content=\"2021-09-26T09:41:54+00:00\" \/>\n<meta name=\"twitter:card\" content=\"summary_large_image\" \/>\n<meta name=\"twitter:site\" content=\"@LandiousTours\" \/>\n<meta name=\"twitter:label1\" content=\"Becs\u00fclt olvas\u00e1si id\u0151\" \/>\n\t<meta name=\"twitter:data1\" content=\"5 perc\" \/>\n<script type=\"application\/ld+json\" class=\"yoast-schema-graph\">{\"@context\":\"https:\\\/\\\/schema.org\",\"@graph\":[{\"@type\":\"WebPage\",\"@id\":\"https:\\\/\\\/landioustravel.com\\\/hu\\\/gizai-piramis-komplexum\\\/nagy-szfinx\\\/\",\"url\":\"https:\\\/\\\/landioustravel.com\\\/hu\\\/gizai-piramis-komplexum\\\/nagy-szfinx\\\/\",\"name\":\"Nagy Szfinx - Helysz\u00edn \u00e9s t\u00f6rt\u00e9nelem - Landious Travel\",\"isPartOf\":{\"@id\":\"https:\\\/\\\/landioustravel.com\\\/hu\\\/#website\"},\"datePublished\":\"2021-09-25T19:18:14+00:00\",\"dateModified\":\"2021-09-26T09:41:54+00:00\",\"description\":\"Nagy Szfinx a vil\u00e1g egyik legjelent\u0151sebb szobra. A h\u00e1trad\u0151lt oroszl\u00e1n test\u00e9t \u00e9s az emberi fej\u00e9t bemutatva k\u00f6zel 66 l\u00e1b magas. Ennek a\",\"breadcrumb\":{\"@id\":\"https:\\\/\\\/landioustravel.com\\\/hu\\\/gizai-piramis-komplexum\\\/nagy-szfinx\\\/#breadcrumb\"},\"inLanguage\":\"hu\",\"potentialAction\":[{\"@type\":\"ReadAction\",\"target\":[\"https:\\\/\\\/landioustravel.com\\\/hu\\\/gizai-piramis-komplexum\\\/nagy-szfinx\\\/\"]}]},{\"@type\":\"BreadcrumbList\",\"@id\":\"https:\\\/\\\/landioustravel.com\\\/hu\\\/gizai-piramis-komplexum\\\/nagy-szfinx\\\/#breadcrumb\",\"itemListElement\":[{\"@type\":\"ListItem\",\"position\":1,\"name\":\"Home\",\"item\":\"https:\\\/\\\/landioustravel.com\\\/hu\\\/\"},{\"@type\":\"ListItem\",\"position\":2,\"name\":\"G\u00edzai piramis komplexum\",\"item\":\"https:\\\/\\\/landioustravel.com\\\/hu\\\/gizai-piramis-komplexum\\\/\"},{\"@type\":\"ListItem\",\"position\":3,\"name\":\"Nagy Szfinx\"}]},{\"@type\":\"WebSite\",\"@id\":\"https:\\\/\\\/landioustravel.com\\\/hu\\\/#website\",\"url\":\"https:\\\/\\\/landioustravel.com\\\/hu\\\/\",\"name\":\"Landious Travel\",\"description\":\"Experience the Magic of Egypt, Designed Around You.\",\"publisher\":{\"@id\":\"https:\\\/\\\/landioustravel.com\\\/hu\\\/#organization\"},\"potentialAction\":[{\"@type\":\"SearchAction\",\"target\":{\"@type\":\"EntryPoint\",\"urlTemplate\":\"https:\\\/\\\/landioustravel.com\\\/hu\\\/?s={search_term_string}\"},\"query-input\":{\"@type\":\"PropertyValueSpecification\",\"valueRequired\":true,\"valueName\":\"search_term_string\"}}],\"inLanguage\":\"hu\"},{\"@type\":\"Organization\",\"@id\":\"https:\\\/\\\/landioustravel.com\\\/hu\\\/#organization\",\"name\":\"Landious Travel\",\"alternateName\":\"Landious Travel\",\"url\":\"https:\\\/\\\/landioustravel.com\\\/hu\\\/\",\"logo\":{\"@type\":\"ImageObject\",\"inLanguage\":\"hu\",\"@id\":\"https:\\\/\\\/landioustravel.com\\\/hu\\\/#\\\/schema\\\/logo\\\/image\\\/\",\"url\":\"https:\\\/\\\/landioustravel.com\\\/wp-content\\\/uploads\\\/2021\\\/06\\\/cropped-Landious-T-e1782108600243.png\",\"contentUrl\":\"https:\\\/\\\/landioustravel.com\\\/wp-content\\\/uploads\\\/2021\\\/06\\\/cropped-Landious-T-e1782108600243.png\",\"width\":368,\"height\":368,\"caption\":\"Landious Travel\"},\"image\":{\"@id\":\"https:\\\/\\\/landioustravel.com\\\/hu\\\/#\\\/schema\\\/logo\\\/image\\\/\"},\"sameAs\":[\"https:\\\/\\\/web.facebook.com\\\/landiousEgypt\",\"https:\\\/\\\/x.com\\\/LandiousTours\",\"https:\\\/\\\/mastodon.social\\\/@landious\"],\"email\":\"mofreh78eg@gmail.com\",\"legalName\":\"Landious Travel\"}]}<\/script>\n<!-- \/ Yoast SEO Premium plugin. -->","yoast_head_json":{"title":"Nagy Szfinx - Helysz\u00edn \u00e9s t\u00f6rt\u00e9nelem - Landious Travel","description":"Nagy Szfinx a vil\u00e1g egyik legjelent\u0151sebb szobra. A h\u00e1trad\u0151lt oroszl\u00e1n test\u00e9t \u00e9s az emberi fej\u00e9t bemutatva k\u00f6zel 66 l\u00e1b magas. Ennek a","robots":{"index":"index","follow":"follow","max-snippet":"max-snippet:-1","max-image-preview":"max-image-preview:large","max-video-preview":"max-video-preview:-1"},"canonical":"https:\/\/landioustravel.com\/hu\/gizai-piramis-komplexum\/nagy-szfinx\/","og_locale":"hu_HU","og_type":"article","og_title":"Nagy Szfinx","og_description":"Nagy Szfinx a vil\u00e1g egyik legjelent\u0151sebb szobra. A h\u00e1trad\u0151lt oroszl\u00e1n test\u00e9t \u00e9s az emberi fej\u00e9t bemutatva k\u00f6zel 66 l\u00e1b magas. Ennek a","og_url":"https:\/\/landioustravel.com\/hu\/gizai-piramis-komplexum\/nagy-szfinx\/","og_site_name":"Landious Travel","article_publisher":"https:\/\/web.facebook.com\/landiousEgypt","article_modified_time":"2021-09-26T09:41:54+00:00","twitter_card":"summary_large_image","twitter_site":"@LandiousTours","twitter_misc":{"Becs\u00fclt olvas\u00e1si id\u0151":"5 perc"},"schema":{"@context":"https:\/\/schema.org","@graph":[{"@type":"WebPage","@id":"https:\/\/landioustravel.com\/hu\/gizai-piramis-komplexum\/nagy-szfinx\/","url":"https:\/\/landioustravel.com\/hu\/gizai-piramis-komplexum\/nagy-szfinx\/","name":"Nagy Szfinx - Helysz\u00edn \u00e9s t\u00f6rt\u00e9nelem - Landious Travel","isPartOf":{"@id":"https:\/\/landioustravel.com\/hu\/#website"},"datePublished":"2021-09-25T19:18:14+00:00","dateModified":"2021-09-26T09:41:54+00:00","description":"Nagy Szfinx a vil\u00e1g egyik legjelent\u0151sebb szobra. A h\u00e1trad\u0151lt oroszl\u00e1n test\u00e9t \u00e9s az emberi fej\u00e9t bemutatva k\u00f6zel 66 l\u00e1b magas. Ennek a","breadcrumb":{"@id":"https:\/\/landioustravel.com\/hu\/gizai-piramis-komplexum\/nagy-szfinx\/#breadcrumb"},"inLanguage":"hu","potentialAction":[{"@type":"ReadAction","target":["https:\/\/landioustravel.com\/hu\/gizai-piramis-komplexum\/nagy-szfinx\/"]}]},{"@type":"BreadcrumbList","@id":"https:\/\/landioustravel.com\/hu\/gizai-piramis-komplexum\/nagy-szfinx\/#breadcrumb","itemListElement":[{"@type":"ListItem","position":1,"name":"Home","item":"https:\/\/landioustravel.com\/hu\/"},{"@type":"ListItem","position":2,"name":"G\u00edzai piramis komplexum","item":"https:\/\/landioustravel.com\/hu\/gizai-piramis-komplexum\/"},{"@type":"ListItem","position":3,"name":"Nagy Szfinx"}]},{"@type":"WebSite","@id":"https:\/\/landioustravel.com\/hu\/#website","url":"https:\/\/landioustravel.com\/hu\/","name":"Landious Travel","description":"Experience the Magic of Egypt, Designed Around You.","publisher":{"@id":"https:\/\/landioustravel.com\/hu\/#organization"},"potentialAction":[{"@type":"SearchAction","target":{"@type":"EntryPoint","urlTemplate":"https:\/\/landioustravel.com\/hu\/?s={search_term_string}"},"query-input":{"@type":"PropertyValueSpecification","valueRequired":true,"valueName":"search_term_string"}}],"inLanguage":"hu"},{"@type":"Organization","@id":"https:\/\/landioustravel.com\/hu\/#organization","name":"Landious Travel","alternateName":"Landious Travel","url":"https:\/\/landioustravel.com\/hu\/","logo":{"@type":"ImageObject","inLanguage":"hu","@id":"https:\/\/landioustravel.com\/hu\/#\/schema\/logo\/image\/","url":"https:\/\/landioustravel.com\/wp-content\/uploads\/2021\/06\/cropped-Landious-T-e1782108600243.png","contentUrl":"https:\/\/landioustravel.com\/wp-content\/uploads\/2021\/06\/cropped-Landious-T-e1782108600243.png","width":368,"height":368,"caption":"Landious Travel"},"image":{"@id":"https:\/\/landioustravel.com\/hu\/#\/schema\/logo\/image\/"},"sameAs":["https:\/\/web.facebook.com\/landiousEgypt","https:\/\/x.com\/LandiousTours","https:\/\/mastodon.social\/@landious"],"email":"mofreh78eg@gmail.com","legalName":"Landious Travel"}]}},"jetpack_sharing_enabled":true,"jetpack_shortlink":"https:\/\/wp.me\/Par4r5-9U4","jetpack_likes_enabled":true,"amp_enabled":true,"_links":{"self":[{"href":"https:\/\/landioustravel.com\/hu\/wp-json\/wp\/v2\/pages\/38072","targetHints":{"allow":["GET"]}}],"collection":[{"href":"https:\/\/landioustravel.com\/hu\/wp-json\/wp\/v2\/pages"}],"about":[{"href":"https:\/\/landioustravel.com\/hu\/wp-json\/wp\/v2\/types\/page"}],"author":[{"embeddable":true,"href":"https:\/\/landioustravel.com\/hu\/wp-json\/wp\/v2\/users\/1"}],"replies":[{"embeddable":true,"href":"https:\/\/landioustravel.com\/hu\/wp-json\/wp\/v2\/comments?post=38072"}],"version-history":[{"count":0,"href":"https:\/\/landioustravel.com\/hu\/wp-json\/wp\/v2\/pages\/38072\/revisions"}],"up":[{"embeddable":true,"href":"https:\/\/landioustravel.com\/hu\/wp-json\/wp\/v2\/pages\/36640"}],"wp:attachment":[{"href":"https:\/\/landioustravel.com\/hu\/wp-json\/wp\/v2\/media?parent=38072"}],"curies":[{"name":"wp","href":"https:\/\/api.w.org\/{rel}","templated":true}]}}