{"id":156992,"date":"2023-09-21T07:25:46","date_gmt":"2023-09-21T05:25:46","guid":{"rendered":"https:\/\/landioustravel.com\/?post_type=product&#038;p=156992"},"modified":"2026-08-08T12:42:38","modified_gmt":"2026-08-08T09:42:38","slug":"12-napos-kairoi-abu-simbel-turacsomag-repulouttal","status":"publish","type":"product","link":"https:\/\/landioustravel.com\/hu\/shop\/12-napos-kairoi-abu-simbel-turacsomag-repulouttal\/","title":{"rendered":"12 napos Kair\u00f3i Abu Simbel t\u00faracsomag rep\u00fcl\u0151\u00fattal"},"content":{"rendered":"<p>\u00c9rdekel, hogy felfedezze Kair\u00f3,\u00a0<a href=\"https:\/\/landioustravel.com\/egypt\/egyptian-towns\/alexandria-governorate\/\">Alexandria<\/a>, Luxor, Dendera, Abydos, Edfu, Kom Ombo, Aswan \u00e9s Abu Simbel t\u00f6rt\u00e9nelmi helysz\u00edneit? Ha igen, \u00e9rdemes megn\u00e9zni a 12 napos egyiptomi t\u00far\u00e1t, ami el\u00e9rhet\u0151. Ez a 12 napos Kair\u00f3i Abu Simbel t\u00faracsomag a Flight \u00e1ltal lefedi Egyiptom \u00f6sszes f\u0151 l\u00e1tv\u00e1nyoss\u00e1g\u00e1t, bele\u00e9rtve az \u0151si templomokat \u00e9s a modern m\u00e9rn\u00f6ki csod\u00e1kat, mint az Aswan-g\u00e1t. Emellett saj\u00e1t mag\u00e1n egyiptol\u00f3gus \u00fatmutat\u00f3d is lesz, amely szem\u00e9lyre szabott figyelmet \u00e9s bels\u0151 ismereteket ny\u00fajt Fels\u0151-Egyiptomr\u00f3l. A teljes k\u00f6r\u0171 t\u00fara mag\u00e1ban foglalja a sz\u00e1llodai megszervez\u00e9st, rep\u00fcl\u0151jegyeket \u00e9s eb\u00e9dfoglal\u00e1sokat, \u00edgy nem kell agg\u00f3dnia ezeknek a r\u00e9szleteknek a szervez\u00e9se miatt.<\/p>\n<h2>1. nap<\/h2>\n<p>A kair\u00f3i nemzetk\u00f6zi rep\u00fcl\u0151t\u00e9rre \u00e9rkez\u00e9skor angolul besz\u00e9l\u0151 k\u00e9pvisel\u0151nk minden formalit\u00e1sban seg\u00edt, \u00e9s \u00e1tsz\u00e1ll\u00edtja a sz\u00e1llod\u00e1ba egy \u00e9jszakai tart\u00f3zkod\u00e1sra Kair\u00f3ban.<\/p>\n<h2>2. nap<\/h2>\n<p>A nap reggelivel kezd\u0151dik a hotelben, majd tal\u00e1lkoz\u00e1s k\u00f6vetkezik angol egyiptol\u00f3gus idegenvezet\u0151nkkel, aki vezeti az els\u0151 napi t\u00far\u00e1t. A t\u00fara egy l\u00e1togat\u00e1ssal kezd\u0151dik a G\u00edza piramisaihoz, ahol h\u00e1rom piramis \u2013 &#8222;Khufu, Khafre \u00e9s Menkaure&#8221; \u2013 pomp\u00e1ja testes\u00edti meg. A ter\u00fcletet egy m\u00e9szk\u0151b\u0151l k\u00e9sz\u00fclt Szfinx-szobor \u0151rzi. A t\u00fara ut\u00e1n egy helyi \u00e9tterembe megy eb\u00e9delni.<\/p>\n<p>A k\u00f6vetkez\u0151 c\u00e9l\u00e1llom\u00e1s Sakkara v\u00e1rosa, ahol felfedezheted Dzs\u00f3zer kir\u00e1ly l\u00e9pcs\u0151piramis\u00e1t. Ennek a piramisnak izgalmas t\u00f6rt\u00e9nete van. Dzs\u00fazer kir\u00e1ly megk\u00e9rte f\u0151\u00e9p\u00edt\u00e9sz\u00e9t, Imhotepet, hogy alkosson valami egyedi, amibe eltemethet\u0151. A h\u00edres \u00e9p\u00edt\u00e9sz \u00e9p\u00edtette a L\u00e9pcs\u0151s Piramisot, ami leny\u0171g\u00f6zte a kir\u00e1lyt, hiszen azt a korszakban \u00faj teljes\u00edtm\u00e9nynek tartott\u00e1k sz\u00e1mon.<\/p>\n<p>V\u00e9g\u00fcl Memphis fel\u00e9 vezetsz, ahol megl\u00e1togathatod a Szabadt\u00e9ri M\u00fazeumot, bele\u00e9rtve II. Ramses kir\u00e1ly csod\u00e1latos eml\u00e9km\u0171veit. A napos t\u00fara befejez\u00e9se ut\u00e1n visszat\u00e9r a kair\u00f3i sz\u00e1llod\u00e1j\u00e1ba, ahol egy \u00e9jszak\u00e1ra megsz\u00e1ll.<\/p>\n<h2>3. nap<\/h2>\n<p>Kezdje a kair\u00f3i t\u00far\u00e1ja m\u00e1sodik napj\u00e1t reggeli \u00e9tkez\u00e9ssel a sz\u00e1llod\u00e1ban, majd az angol nyelv\u0171 idegenvezet\u0151d \u00e9rkez\u00e9s\u00e9vel. V\u00e1rj izgalmas \u00e9s egyedi \u00e9lm\u00e9nyt, mik\u00f6zben felfedezed a r\u00e9gi\u00f3 legfigyelemrem\u00e9lt\u00f3bb eml\u00e9keit. Az els\u0151 \u00fati c\u00e9lod az Egyiptomi M\u00fazeum, Egyiptom egyik legjelent\u0151sebb m\u00fazeuma. Sz\u00e1mos f\u00e1ra\u00f3i eml\u00e9km\u0171vet \u0151riz, k\u00f6zt\u00fck a h\u00edres Tutanhamon kir\u00e1ly eml\u00e9keit. \u00c9lvezz egy finom eb\u00e9det az egyik helyi \u00e9tterm\u00fcnkben, miel\u0151tt \u00e1thelyezn\u00e9nk az \u00d3-Kair\u00f3ba.<\/p>\n<p>\u00c9rkez\u00e9skor l\u00e1togass\u00e1k meg a Salah El-Din citadellaj\u00e1t, amely egy l\u00e9tfontoss\u00e1g\u00fa \u00e9p\u00edtm\u00e9ny, amely kulcsszerepet j\u00e1tszott Egyiptom v\u00e9delm\u00e9ben, \u00e9s t\u00f6bb mint 700 \u00e9ven \u00e1t szolg\u00e1lt a hatalom k\u00f6zpontjak\u00e9nt. Ezut\u00e1n induljon el Khan El-Khaliliba, Egyiptom egyik legr\u00e9gebbi \u00e9s leg\u00e9rdekesebb piac\u00e1ra, amely a K\u00f6zel-Kelet egyik legleny\u0171g\u00f6z\u0151bb baz\u00e1rjak\u00e9nt ismert. Z\u00e1rja le a napos t\u00far\u00e1j\u00e1t, \u00e9s visszasz\u00e1ll\u00edt a kair\u00f3i sz\u00e1llod\u00e1ba, ahol nyugd\u00edjba mehetsz az \u00e9jszak\u00e1ra.<\/p>\n<h2>4. nap<\/h2>\n<p>A reggeli befejez\u00e9se ut\u00e1n a vend\u00e9gekt\u0151l elv\u00e1rj\u00e1k, hogy kijelentkezzenek a sz\u00e1llod\u00e1b\u00f3l. Ezut\u00e1n egy k\u00e9pvisel\u0151 is jelen lesz, hogy megk\u00f6nny\u00edtse az \u00e1tsz\u00e1ll\u00e1st a Kair\u00f3i rep\u00fcl\u0151t\u00e9rre, ahonnan a vend\u00e9gek felsz\u00e1llhatnak a Luxorba tart\u00f3 j\u00e1ratukra.<\/p>\n<p>\u00c9rkez\u00e9skor a vend\u00e9geket a luxor Ciszjord\u00e1ni\u00e1j\u00e1ra viszik, hogy felfedezz\u00e9k az \u0151si Th\u00e9ba v\u00e1ros\u00e1t. Ez mag\u00e1ban foglalja a Kir\u00e1lyok v\u00f6lgy\u00e9nek l\u00e1togat\u00e1s\u00e1t, ahol a th\u00e9ba kir\u00e1lyokat \u00e9s az \u00f3kori Egyiptom uralkod\u00f3it temett\u00e9k el. Itt a vend\u00e9gek bel\u00e9phetnek Tut Ankh Amun kir\u00e1ly s\u00edrj\u00e1ba.<\/p>\n<p>Ezt k\u00f6vet\u0151en a vend\u00e9gek megl\u00e1togatj\u00e1k a Deir El Bahari Hatshepsut kir\u00e1lyn\u0151 templom\u00e1t. Ez a templom, amelyet egy hegy belsej\u00e9ben faragtak, az \u00f3kori egyiptomi \u00e9p\u00edt\u00e9szet egyik legkiemelked\u0151bb p\u00e9ld\u00e1j\u00e1nak tartj\u00e1k.<\/p>\n<p>A vend\u00e9gek ezut\u00e1n megl\u00e1togatj\u00e1k a Memnon-i kolosszust, amelyr\u0151l \u00fagy v\u00e9lik, hogy III. Amenhotep kir\u00e1lyhoz tartozik. Az eb\u00e9det egy helyi \u00e9tteremben szolg\u00e1lj\u00e1k fel.<\/p>\n<p>D\u00e9lut\u00e1n a vend\u00e9geket a Luxor keleti partj\u00e1ra viszik, hogy felfedezz\u00e9k a Karnak templomkomplexumot. Ezeket az \u00e9p\u00fcleteket az emberis\u00e9g t\u00f6rt\u00e9net\u00e9nek legnagyobb \u00e9p\u00fcleteinek tartj\u00e1k, a f\u0151 \u00e9p\u00fclet pedig Amun Ra isten\u00e9. A templom a K\u00f6z\u00e9ps\u0151 Kir\u00e1lys\u00e1gb\u00f3l sz\u00e1rmazik, n\u00e9h\u00e1ny utal\u00e1s szerint kor\u00e1bbi \u00e9p\u00fcletek a 3. dinaszti\u00e1b\u00f3l sz\u00e1rmaznak.<\/p>\n<p>A vend\u00e9gek ezut\u00e1n megl\u00e1togatj\u00e1k a Luxor-templomot, amelyet a 12. dinasztia kir\u00e1lya \u00e9p\u00edtett, \u00e9s amelyet a h\u00edres II. Ramses kir\u00e1ly fejezett be. Ez a templom az \u0151si Th\u00e9ba sz\u00edv\u00e9ben helyezkedett el, \u00e9s ak\u00e1rcsak Karnak, Amun Re, a f\u0151istennek szentelt\u00e9k. A t\u00fara ut\u00e1n a vend\u00e9geket a luxori sz\u00e1llod\u00e1ba sz\u00e1ll\u00edtj\u00e1k a bejelentkez\u00e9sre \u00e9s egy \u00e9jszakai tart\u00f3zkod\u00e1sra.<\/p>\n<h2>5. nap<\/h2>\n<p>A nap terve egy kiad\u00f3s reggelivel kezd\u0151dik a sz\u00e1llod\u00e1ban, majd egy l\u00e1togat\u00e1s az Abydosban tal\u00e1lhat\u00f3 Seti I kir\u00e1ly eml\u00e9ktemplom\u00e1ba. Seti I \u00e9s fia, Ramses II \u00e9p\u00edtett\u00e9k a templomot Osiris istens\u00e9gnek, aki a t\u00falvil\u00e1got \u00e9s a felt\u00e1mad\u00e1st k\u00e9pviselte. Az Abydos-templom egy figyelemre m\u00e9lt\u00f3 vall\u00e1si \u00e9p\u00fclet Egyiptomban, amely k\u00e9pz\u0151m\u0171v\u00e9szeti domborm\u0171vekkel b\u00fcszk\u00e9lkedhet, k\u00f6zt\u00fck az Abydos Kir\u00e1lyok list\u00e1j\u00e1t, amely az els\u0151 dinasztia \u00e9s a 19. dinasztia k\u00f6z\u00f6tti f\u00e1ra\u00f3k nev\u00e9t tartalmazza. Ezen fel\u00fcl h\u00e9t k\u00e1poln\u00e1t szentelnek Horusnak, Isisnek, Osirisnek, Amon Re-nek, Ptahnak, Seti I-nek \u00e9s Re-Horakhtynak. A templom h\u00e1ts\u00f3 r\u00e9sz\u00e9n fekszik a rejt\u00e9lyes Osireion, amelyr\u0151l Osiris s\u00edrj\u00e1nak tartj\u00e1k. A t\u00fara ut\u00e1n szabadid\u0151d lesz felfedezni a templomot.<\/p>\n<p>Ezut\u00e1n megl\u00e1togatjuk a Dendera templomot, amely 99 km-re d\u00e9lre fekszik Abydost\u00f3l. Ez a templomkomplexum az egyik legjobban meg\u0151rz\u00f6tt Egyiptomban, eredete eg\u00e9szen Pepi I. f\u00e1ra\u00f3 (i. e. 2250) uralkod\u00e1sa alatt ny\u00falik vissza, \u00e9s az \u00dajbirodalom idej\u00e9n (i. e. 1550\u20131080) is folytat\u00f3dott. A megmaradt \u00e9p\u00fcletek t\u00f6bbs\u00e9ge az egyiptomi g\u00f6r\u00f6g-r\u00f3mai korszakb\u00f3l sz\u00e1rmazik. Nemr\u00e9giben a Dendera templom mennyezet\u00e9t megtiszt\u00edtott\u00e1k, \u00e9s l\u00e1tv\u00e1nyos mennyezeti festm\u00e9nyek l\u00e1that\u00f3k a Hathor templom f\u0151csarnok\u00e1ban, k\u00f6zt\u00fck az \u00f3kori leg\u00e9l\u00e9nkebb \u00e9s sz\u00ednesebb festm\u00e9nyek k\u00f6z\u00fcl n\u00e9h\u00e1nyat. A l\u00e1togat\u00f3k felfedezhetik a g\u00f6r\u00f6g-r\u00f3mai korszakban felfedezett sz\u00e9les k\u00f6rben ismert Dendera csillagjegy domborm\u0171vet; a kript\u00e1kat a szekta felszerel\u00e9s\u00e9nek, lev\u00e9lt\u00e1rainak \u00e9s m\u00e1gikus embl\u00e9m\u00e1knak t\u00e1rolt\u00e1k a templom v\u00e9delm\u00e9re. A s\u00edrokban \u0151rz\u00f6tt legjelent\u0151sebb t\u00e1rgy a Hathori BA szobra. Tov\u00e1bbi nevezetess\u00e9gek k\u00f6z\u00e9 tartozik az Iszisz Sz\u00fclet\u00e9si H\u00e1za (Mammisi), amelyet II. Nektanebo emelt fel, valamint a templom szent tavja. A templom h\u00e1ts\u00f3 k\u00fcls\u0151 fal\u00e1n a l\u00e1togat\u00f3k l\u00e1that\u00f3k olyan jeleneteket, amelyeken Kleop\u00e1tra VII. \u00e9s fia hatalmas alakja l\u00e1that\u00f3, amelyet Julius Caesar k\u00e9sz\u00edtett. Ezut\u00e1n a l\u00e1togat\u00f3k szabadid\u0151t \u00e9lvezhetnek, hogy saj\u00e1t temp\u00f3jukban felfedezz\u00e9k a templomot.<\/p>\n<p>A t\u00fara egy \u00e1tsz\u00e1ll\u00e1ssal z\u00e1rul egy luxori sz\u00e1llod\u00e1ba, ahol egy \u00e9jszak\u00e1ra megsz\u00e1llhatsz.<\/p>\n<h2>6. nap<\/h2>\n<p>Hajnalban egy luxor \u00e9s aswan utaz\u00e1si enged\u00e9lyes idegenvezet\u0151 viszi el a sz\u00e1llod\u00e1db\u00f3l. Ezut\u00e1n mag\u00e1n l\u00e9gkondicion\u00e1l\u00f3 j\u00e1rm\u0171vel sz\u00e1ll\u00edtanak a N\u00edlus nyugati partj\u00e1ra, ahol megindul egy Medinat Habu t\u00far\u00e1ja. Ez a r\u00e9g\u00e9szeti helysz\u00edn a Thebai Dombok l\u00e1b\u00e1n\u00e1l tal\u00e1lhat\u00f3, a N\u00edlus nyugati partj\u00e1n, szemben a mai Luxor v\u00e1ros\u00e1val, Egyiptomban.<\/p>\n<p>Medinat Habu egyet ad a Ramesses III. temetkez\u00e9si templom\u00e1val, b\u00e1r m\u00e1s \u00e9p\u00fcletek is l\u00e9teznek. A templom ortodox kialak\u00edt\u00e1s\u00fa, mintegy 150 m\u00e9ter hossz\u00fa, \u00e9s nagyon hasonl\u00edt II. Ramzesz halotttemplom\u00e1ra (a Ramesseum). J\u00f3l meg\u0151rz\u00f6tt, \u00e9s egy hatalmas agyat\u00e9gla ker\u00edt\u00e9s veszi k\u00f6r\u00fcl, amelyet val\u00f3sz\u00edn\u0171leg meger\u0151s\u00edtettek. Az eredeti bej\u00e1rat egy meger\u0151s\u00edtett kapuh\u00e1zon kereszt\u00fcl, amelyet migdolnak neveznek, \u00e9s amely egy \u00e1zsiai er\u0151dre eml\u00e9keztet. Jean-Fran\u00e7ois Champollion 1829-ben a helysz\u00ednen val\u00f3 l\u00e1togat\u00e1s ut\u00e1n alkotta meg a Rhamess\u00e9ion nevet franci\u00e1ul, \u00e9s azonos\u00edtotta a falakon Ramesses nev\u00e9t \u00e9s c\u00edmeit alkot\u00f3 hieroglif\u00e1kat.<\/p>\n<p>A templomot eredetileg a Usermaatra-steepen milli\u00f3s \u00e9vek h\u00e1z\u00e1nak h\u00edvt\u00e1k, amely egyes\u00fcl Th\u00e9ba v\u00e1ros\u00e1val Amon birodalmaj\u00e1ban. Emellett megl\u00e1togathatod a Habu templomon bel\u00fcl m\u00e1s templomokat is, p\u00e9ld\u00e1ul az Amun templomot, amely a 18. dinaszti\u00e1b\u00f3l sz\u00e1rmazik. Hatshepsut kir\u00e1lyn\u0151 \u00e9s III. Thutmose \u00e9p\u00edtett\u00e9k, \u00e9s az \u00e9vek sor\u00e1n sz\u00e1mos \u00e1talak\u00edt\u00e1son ment kereszt\u00fcl, r\u00e9szben a 20., 25., 26., 29. \u00e9s 30. dinaszti\u00e1kban, valamint a g\u00f6r\u00f6g-r\u00f3mai id\u0151szakban.<\/p>\n<p>A Medinat Habu-i l\u00e1togat\u00e1sa ut\u00e1n folytatja a napos t\u00far\u00e1j\u00e1t Deir el-Medin\u00e1ba, amelyet a Munk\u00e1sok V\u00f6lgyek\u00e9nt ismernek. Deir el-Medina egy \u00f3kori egyiptomi falu, ahol azok a k\u00e9zm\u0171vesek otthont adtak, akik a Kir\u00e1lyok v\u00f6lgy\u00e9ben a Kir\u00e1lyok v\u00f6lgy\u00e9ben a s\u00edrokon dolgoztak az \u00dajbirodalom 18-20. dinaszti\u00e1i idej\u00e9n (kb. i. e. 1550\u20131080). A festm\u00e9nyek olyan frissnek t\u0171nnek.<\/p>\n<p>A t\u00far\u00e1d egy l\u00e1togat\u00e1ssal z\u00e1rul a Kir\u00e1lyn\u0151k v\u00f6lgy\u00e9be, ahol f\u00e1ra\u00f3k feles\u00e9geit temett\u00e9k el az \u0151si id\u0151kben. Az \u00f3koriban Ta-Set-Neferu-nak nevezt\u00e9k, ami azt jelenti, hogy &#8222;a f\u00e1ra\u00f3 gyermekeinek helye&#8221;, mert a 18., 19. \u00e9s 20. dinasztia (Kr. e. 1550\u20131070) kir\u00e1lyn\u0151ivel egy\u00fctt sok herceget \u00e9s hercegn\u0151t is eltemettek a nemess\u00e9g k\u00fcl\u00f6nb\u00f6z\u0151 tagjaival egy\u00fctt. Ezeknek az egy\u00e9neknek a s\u00edrjait temetkez\u00e9si papok tartott\u00e1k fenn, akik napi ritu\u00e1l\u00e9kat v\u00e9geztek, \u00e1ldozatokat \u00e9s im\u00e1kat ny\u00fajtottak az elhunyt elitnek. A v\u00f6lgy k\u00f6zel van a ismertebb Kir\u00e1lyok v\u00f6lgy\u00e9hez, a N\u00edlus nyugati partj\u00e1n, Th\u00e9ba (a mai Luxor) szembe. Ezt a kop\u00e1r ter\u00fcletet a nyugati dombokon a f\u0151v\u00e1roshoz val\u00f3 viszonylagos elszigetelts\u00e9ge \u00e9s k\u00f6zels\u00e9ge miatt v\u00e1lasztott\u00e1k. A 18. dinasztia kir\u00e1lyai a hagyom\u00e1nyos temetkez\u00e9si kamr\u00e1k helyett \u00fagy d\u00f6nt\u00f6ttek, hogy szikl\u00e1ba f\u00e9sszetett s\u00edrokban temetkeznek, hogy min\u00e9l jobban meg\u00f3vj\u00e1k \u0151ket a s\u00edrrabl\u00f3kt\u00f3l. Az eb\u00e9det az egyik helyi \u00e9tteremben szolg\u00e1ljuk fel, miel\u0151tt visszat\u00e9rn\u00e9nk a sz\u00e1llod\u00e1ba.<\/p>\n<p>D\u00e9lut\u00e1n indul egy t\u00far\u00e1ra a Luxor M\u00fazeumban \u00e9s a Mumifik\u00e1ci\u00f3s M\u00fazeumban. Idegenvezet\u0151nk l\u00e9gkondicion\u00e1lt j\u00e1rm\u0171vel viszi el t\u00e9ged, hogy megl\u00e1togassa ezt a k\u00e9t fantasztikus luksor m\u00fazeumot. A Luxori M\u00fazeum egy gy\u00f6ny\u00f6r\u0171 helyen tal\u00e1lhat\u00f3 a N\u00edlus keleti partj\u00e1n, a Luxor-templom \u00e9s a Karnak-templom k\u00f6z\u00f6tt. A m\u00fazeum k\u00fcl\u00f6nf\u00e9le eml\u00e9km\u0171vek gy\u0171jtem\u00e9ny\u00e9t mutatja be, mint p\u00e9ld\u00e1ul &#8222;\u00e9kszerek, b\u00fatorok, szobrok, stelae, ker\u00e1mi\u00e1k&#8221; a th\u00e9bai templomokb\u00f3l \u00e9s nekropoliszb\u00f3l, k\u00fcl\u00f6n\u00f6sen az \u00faj kir\u00e1lys\u00e1gb\u00f3l.<\/p>\n<p>Ezut\u00e1n folytasd az \u00f3kori egyiptomi t\u00f6rt\u00e9nelem \u00fatj\u00e1t a Mumifik\u00e1ci\u00f3 M\u00fazeum l\u00e1togat\u00e1s\u00e1val, amely 1997-ben ny\u00edlt meg \u00e9s a keleti parton tal\u00e1lhat\u00f3. A m\u00fazeum bemutatja \u00e9s magyar\u00e1zza a mumifik\u00e1ci\u00f3 folyamat\u00e1t, valamint az emberekre \u00e9s \u00e1llatokra alkalmazott technik\u00e1kat. A k\u00e9pen emberi \u00e9s \u00e1llati m\u00fami\u00e1kat, valamint a mumifik\u00e1ci\u00f3s m\u0171velet sor\u00e1n haszn\u00e1lt eszk\u00f6z\u00f6ket mutat be. Vannak p\u00e9ld\u00e1k olyan t\u00e1rgyakra is, amelyeket hagyom\u00e1nyosan a f\u00e1ra\u00f3i id\u0151kben a halottak mellett temetettek el.<\/p>\n<p>A k\u00f6r\u00fat befejez\u00e9se ut\u00e1n \u00e1tsz\u00e1llsz a luxori sz\u00e1llod\u00e1dra \u00e9jszak\u00e1ra.<\/p>\n<h2>7. nap<\/h2>\n<p>Reggeli ut\u00e1n kijelentkezel a sz\u00e1llod\u00e1db\u00f3l, \u00e9s egy idegenvezet\u0151 fogadja, aki egynapos kir\u00e1ndul\u00e1sra k\u00eds\u00e9r az Edfu templomba. Ez a fens\u00e9ges templom, amelyet Horusznak szenteltek, sz\u00e9les k\u00f6rben Egyiptom legjobban meg\u0151rz\u00f6tt kultusztemplom\u00e1nak tartj\u00e1k. Az egyiptomi mitol\u00f3gia szerint itt \u00e1llt meg Horus, a s\u00f3lyomfej\u0171 isten, apja, Osiris meggyilkol\u00e1s\u00e1val meg\u00f6lte S\u00e9tet.<\/p>\n<p>Ezut\u00e1n Koum Oumbo v\u00e1ros\u00e1ba indul, hogy megl\u00e1togassa a Koum Oumbo templomot. Ez a templom magasabb terepen helyezkedik el, ahonnan a N\u00edlusra n\u00e9z. Egyed\u00fcl\u00e1ll\u00f3 abban, hogy dupla bej\u00e1rattal rendelkezik, mindegyik egy adott istennek szentelve: Haroeris, s\u00f3lyomfej\u00e9vel, Sobek pedig krokodilfejjel. A Kom Ombo templomot k\u00e9t istens\u00e9g tisztelet\u00e9re \u00e9p\u00edtett\u00e9k: a krokodilfej\u0171 Sobek, a term\u00e9kenys\u00e9g istene \u00e9s a vil\u00e1g teremt\u0151je, valamint Haroerisz, vagyis az \u0151si s\u00f3lyomfej\u0171 Horusz. Tov\u00e1bb\u00e1 Kom Ombo jelent\u0151s\u00e9g\u00e9t tov\u00e1bb er\u0151s\u00edtik a k\u00f6rny\u00e9ken tal\u00e1lhat\u00f3 hatalmas cukorn\u00e1dmez\u0151k.<\/p>\n<p>Ezut\u00e1n Aswanba \u00e9rsz, ahol egy finom eb\u00e9det \u00e9lvezhetsz egy helyi \u00e9tteremben, miel\u0151tt bejelentkezn\u00e9l a sz\u00e1llod\u00e1ba, \u00e9s az \u00e9jszak\u00e1t Aswanban t\u00f6lt\u00f6d.<\/p>\n<h2>8. nap<\/h2>\n<p>A nap reggelivel kezd\u0151dik a sz\u00e1llod\u00e1ban, majd egy t\u00far\u00e1val j\u00e1r az Aswan Magasg\u00e1tj\u00e1n, amely egy figyelemre m\u00e9lt\u00f3 m\u00e9rn\u00f6ki teljes\u00edtm\u00e9ny az 1960-as \u00e9vekben \u00e9p\u00fclt. Ez az \u00e9p\u00edtm\u00e9ny, amely 11 811 l\u00e1b hossz\u00fa, 3 215 l\u00e1b alapvastags\u00e1g\u00fa \u00e9s 364 l\u00e1b magas, t\u00f6bb anyagb\u00f3l \u00e1ll, mint amennyit a Nagy Cheops Piramisban haszn\u00e1ltak. A megl\u00e9v\u0151 gr\u00e1nitb\u00f3l faragott g\u00e1t eg\u00e9sz Egyiptom \u00f6nt\u00f6z\u00e9si \u00e9s villamos energiaforr\u00e1sak\u00e9nt szolg\u00e1l.<\/p>\n<p>A k\u00f6vetkez\u0151 \u00fatitervben egy l\u00e1togat\u00e1s a befejezetlen obeliszkhez Aswan gr\u00e1nitb\u00e1ny\u00e1iban, ahol az \u0151si templomok \u00e9s kolosszuszok \u00e9p\u00edt\u00e9s\u00e9hez haszn\u00e1lt v\u00f6r\u00f6s gr\u00e1nit nagy r\u00e9sz\u00e9t beszerezt\u00e9k. A befejezetlen obeliszk pontosan azon a helyen maradt, ahol eredetileg faragt\u00e1k, mivel a farag\u00e1s sor\u00e1n t\u00f6r\u00e9st fedeztek fel.<\/p>\n<p>A t\u00fara egy kir\u00e1ndul\u00e1s z\u00e1rul a leny\u0171g\u00f6z\u0151 Philae templomba, amelyet a N\u00edlus v\u00edzszintj\u00e9nek emelked\u00e9se miatt, amelyet a Magas g\u00e1t \u00e9p\u00edt\u00e9se miatt helyeztek \u00e1t jelenlegi hely\u00e9re (k\u00f6r\u00fclbel\u00fcl 500 m\u00e9terre az eredeti hely\u00e9t\u0151l). A sziget f\u0151istene, Isisz istenn\u0151 tisztelet\u00e9re \u00e9p\u00fclt Philae templom az \u0151skori \u00e9p\u00edt\u00e9szeti tehets\u00e9gek bizony\u00edt\u00e9ka. A t\u00fara ut\u00e1n visszak\u00eds\u00e9rnek a sz\u00e1llod\u00e1j\u00e1ba.<\/p>\n<h2>9. nap<\/h2>\n<p>A sz\u00e1llod\u00e1b\u00f3l val\u00f3 kil\u00e9p\u00e9skor egy priv\u00e1t, l\u00e9gkondicion\u00e1lt furgonnal sz\u00e1ll\u00edtanak a h\u00edres Abu Simbel helysz\u00ednre. A ter\u00fclet, amelyet az \u00f3koriban Meha n\u00e9ven ismertek, el\u0151sz\u00f6r a 18. dinasztia idej\u00e9n jegyezt\u00e9k fel Ay \u00e9s Horemheb \u00e1ltal, akik fel\u00fcgyelt\u00e9k a szomsz\u00e9dos dombokon sziklab\u00f3l kiv\u00e1gott k\u00e1poln\u00e1k l\u00e9trehoz\u00e1s\u00e1t.<\/p>\n<p>Abu Simbelbe \u00e9rkezve felfedezheted a Ramses II. kir\u00e1ly \u00e1ltal \u00e9p\u00edtett leny\u0171g\u00f6z\u0151 templomokat. Az els\u0151 \u00e9s legnagyobb templomot Rahorakhty isten tisztelet\u00e9re \u00e9p\u00edtett\u00e9k, m\u00edg a m\u00e1sodik, kisebb templomot mag\u00e1nak a kir\u00e1lynak \u00e9s h\u00edres kir\u00e1lyn\u0151j\u00e9nek, Nefertarinak szentelt\u00e9k.<\/p>\n<p>A helysz\u00edni t\u00far\u00e1d befejez\u00e9se ut\u00e1n elk\u00eds\u00e9rnek az Aswan rep\u00fcl\u0151t\u00e9rre egy visszavezet\u0151 j\u00e1ratra Kair\u00f3ba. \u00c9rkez\u00e9skor k\u00e9pvisel\u0151nk elk\u00eds\u00e9ri \u00d6nt a sz\u00e1llod\u00e1j\u00e1ba, ahol egy pihentet\u0151 \u00e9jszak\u00e1t t\u00f6lthet.<\/p>\n<h2>10. nap<\/h2>\n<p>\u00c9lvezzen egy finom reggelit a kair\u00f3i sz\u00e1llod\u00e1j\u00e1ban, miel\u0151tt elindulna egy felejthetetlen Alexandriai t\u00far\u00e1ra hozz\u00e1\u00e9rt\u0151 egyiptol\u00f3gus idegenvezet\u0151nk seg\u00edts\u00e9g\u00e9vel. Kezdje a t\u00far\u00e1t azzal, hogy elmer\u00fcl az egyik f\u0151 \u0151si tud\u00e1sforr\u00e1sban, az Alexandria K\u00f6nyvt\u00e1rban, amely az \u00f6reg f\u00e1ra\u00f3 eredeti hely\u00e9n tal\u00e1lhat\u00f3.<\/p>\n<p>A k\u00f6nyvt\u00e1r l\u00e1togat\u00e1sa ut\u00e1n \u00e9lvezze a helyi \u00e9tteremben egy finom eb\u00e9det, miel\u0151tt felfedezn\u00e9 a R\u00f3mai Amfite\u00e1trumot, a g\u00f6r\u00f6g-r\u00f3mai korszak egyik legismertebb eml\u00e9km\u0171v\u00e9t. A t\u00far\u00e1d cs\u00facspontja Pompeius oszlop\u00e1nak l\u00e1togat\u00e1s\u00e1val z\u00e1rul, amelyet Kr. u. 292-ben emeltek, \u00e9s egy pillant\u00e1ssal a Sultan Qaitbay Citadell\u00e1ba (csak a k\u00fcls\u0151n), Alexandria egyik legikonikusabb nevezetess\u00e9g\u00e9re.<\/p>\n<p>A napos t\u00far\u00e1ja befejez\u00e9se ut\u00e1n visszasz\u00e1ll\u00edtunk Kair\u00f3ba, ahol este a sz\u00e1llod\u00e1ba vonulhatsz.<\/p>\n<h2>11. nap<\/h2>\n<p>A nap egy kiad\u00f3s reggelivel \u00e9s egy iszl\u00e1m \u00e9s kopt kair\u00f3i t\u00far\u00e1val kezd\u0151dik a sz\u00e1llod\u00e1ban. Ez a t\u00fara nagy jelent\u0151s\u00e9g\u0171, mivel lehet\u0151s\u00e9get ad Egyiptom gazdag t\u00f6rt\u00e9nelm\u00e9nek, az iszl\u00e1m \u00e9s kopt hagyom\u00e1nyok felfedez\u00e9s\u00e9re.<\/p>\n<p>A t\u00fara egy l\u00e1togat\u00e1ssal kezd\u0151dik az Ahmed Ibn Tulun mecsetben, Kair\u00f3 legr\u00e9gebbi, \u00e9ps\u00e9gben m\u0171k\u00f6d\u0151 iszl\u00e1m eml\u00e9km\u0171v\u00e9ben. Ez a figyelemre m\u00e9lt\u00f3 \u00e9p\u00fclet ritka p\u00e9ld\u00e1ja az iszl\u00e1m klasszikus korszak\u00e1nak, amely a kilencedik \u00e9s tizedik sz\u00e1zadig ny\u00falik vissza.<\/p>\n<p>Ezut\u00e1n a csoport a Sultan Hassan mecsetj\u00e9hez tart, amelyet a kair\u00f3i legt\u00f6m\u00f6rebb \u00e9s legegys\u00e9gesebb eml\u00e9km\u0171nek tartanak. A mecsetet 1256-ban \u00e9p\u00edtett\u00e9k Hassan bin Mohammad bin Qala&#8217;oun szult\u00e1n sz\u00e1m\u00e1ra, mint istentiszteleti \u00e9s vall\u00e1si oktat\u00e1si helyet minden szekta sz\u00e1m\u00e1ra. A t\u00fara egy l\u00e1togat\u00e1ssal z\u00e1rul az El Refa&#8217;i mecsetben, amelyet egy gyalogos utca v\u00e1laszt el a Hassan szult\u00e1n mecsetj\u00e9t\u0151l. Egy helyi \u00e9tterem \u00edzletes eb\u00e9det k\u00edn\u00e1l.<\/p>\n<p>Ezut\u00e1n kezd\u0151dik a kopt t\u00fara, amely a F\u00fcgg\u0151templom, m\u00e1s n\u00e9ven a Sz\u0171z M\u00e1ria temploma l\u00e1togat\u00e1s\u00e1val kezd\u0151dik. Ez a templom, amely a 4. sz\u00e1zadb\u00f3l sz\u00e1rmazik, a r\u00f3mai er\u0151d v\u00edzkapu fal\u00e1ba \u00e9p\u00fclt, \u00e9s \u00fagy tartj\u00e1k, hogy Egyiptom legr\u00e9gebbi kereszt\u00e9ny temploma.<\/p>\n<p>A k\u00f6vetkez\u0151 az \u00fati tervben a Szent Sergius-templom, vagyis Abu Serga. A legenda szerint az egyik helyen \u00e9p\u00fclt, ahol a Szent Csal\u00e1d pihent Her\u00f3desb\u00f3l val\u00f3 menek\u00fcl\u00e9s\u00fck sor\u00e1n. A t\u00fara egy l\u00e1togat\u00e1ssal z\u00e1rul a Ben Ezra zsinag\u00f3g\u00e1ban, amely Egyiptom legr\u00e9gebbi, a 9. sz\u00e1zadb\u00f3l sz\u00e1rmazik.<\/p>\n<p>A figyelemre m\u00e9lt\u00f3 \u00e9s felejthetetlen t\u00fara befejez\u00e9se ut\u00e1n a vend\u00e9geket visszasz\u00e1ll\u00edtj\u00e1k a sz\u00e1llod\u00e1jukba, hogy egy esti pihen\u00e9sre kapjanak. \u00c9jszakai sz\u00e1ll\u00e1s el\u00e9rhet\u0151 Kair\u00f3ban.<\/p>\n<h2>12. nap<\/h2>\n<p>K\u00e9rj\u00fck, vegye figyelembe, hogy k\u00e9pvisel\u0151nk reggeli ut\u00e1n el\u00e9rhet\u0151 lesz, hogy seg\u00edtsen a kijelentkez\u00e9sben. Ezut\u00e1n \u00e1tsz\u00e1ll\u00edtj\u00e1k a Kair\u00f3i Nemzetk\u00f6zi Rep\u00fcl\u0151t\u00e9rre az utols\u00f3 indul\u00e1shoz. Rem\u00e9lj\u00fck, kellemes id\u0151vel t\u00f6lt vel\u00fcnk, \u00e9s alig v\u00e1rjuk, hogy \u00fajra \u00fcdv\u00f6z\u00f6lhess\u00fcnk.<\/p>\n<h2>Tartalom<\/h2>\n<p>Utaz\u00e1si csomagunk luxus 6 \u00e9jszak\u00e1s sz\u00e1ll\u00e1st foglal egy 5 csillagos sz\u00e1llod\u00e1ban Kair\u00f3ban, h\u00e1rom \u00e9jszak\u00e1t egy 5 csillagos sz\u00e1llod\u00e1ban Luxorban, valamint k\u00e9t \u00e9jszak\u00e1t egy \u00f6tcsillagos sz\u00e1llod\u00e1ban Aswanban. A sz\u00e1ll\u00edt\u00e1st rep\u00fcl\u0151g\u00e9p \u00e9s mag\u00e1n, l\u00e9gkondicion\u00e1l\u00f3 j\u00e1rm\u0171 biztos\u00edtja, tov\u00e1bbi k\u00f6zleked\u00e9si m\u00f3dok k\u00f6z\u00f6tt szerepel egy lovashint\u00f3 Edfu-n\u00e1l, egy Taftaf a Valley of the Kings-n\u00e9l, valamint egy motorcs\u00f3nak a Philae-szigetre. A vend\u00e9gek 11 reggelit \u00e9s 10 eb\u00e9det fogyaszthatnak a tart\u00f3zkod\u00e1suk alatt.<\/p>\n<p>Szolg\u00e1ltat\u00e1saink k\u00f6z\u00e9 tartozik az angol nyelv\u0171 k\u00e9pvisel\u0151k tal\u00e1lkoz\u00f3ja \u00e9s seg\u00edts\u00e9ge, bel\u00e9p\u0151d\u00edjak minden eml\u00edtett r\u00e9g\u00e9szeti l\u00e1tv\u00e1nyhelysz\u00ednre, valamint egy mag\u00e1n, angolul besz\u00e9l\u0151 egyiptol\u00f3gus-idegenvezet\u0151(ek). Belf\u00f6ldi rep\u00fcl\u0151jegyek, naponta 01 \u00fcveg v\u00edz Kair\u00f3ban, minden l\u00e9gkondicion\u00e1l\u00f3 j\u00e1rm\u0171vel t\u00f6rt\u00e9n\u0151 \u00e1tsz\u00e1ll\u00e1s k\u00e9pzett sof\u0151r(ek)vel, sz\u00fcks\u00e9g eset\u00e9n a sz\u00e1ll\u00edt\u00e1s, valamint az \u00f6sszes ad\u00f3 \u00e9s szolg\u00e1ltat\u00e1si d\u00edj is benne van.<\/p>\n<p>Szak\u00e9rt\u0151i csapatunk elk\u00f6telezett amellett, hogy biztons\u00e1gos \u00e9s eml\u00e9kezetes \u00e9lm\u00e9nyt ny\u00fajtson vend\u00e9geinknek. Gondoskodunk arr\u00f3l, hogy minden r\u00e9szletet a legnagyobb gondoss\u00e1ggal \u00e9s figyelmen bel\u00fcl kezelj\u00fcnk. K\u00f6sz\u00f6nj\u00fck, hogy megfontoltad utaz\u00e1si csomagunkat a k\u00f6zelg\u0151 utaz\u00e1s\u00e1ra.<\/p>\n","protected":false},"excerpt":{"rendered":"<p>Indulj el egy leny\u0171g\u00f6z\u0151 utaz\u00e1sra, hogy felfedezd Egyiptom gazdag t\u00f6rt\u00e9nelm\u00e9t, megl\u00e1togatva Kair\u00f3t, Alexandri\u00e1t, Luxort, Edf\u00e9t, Kom Ombut, Asvant \u00e9s Abu Simbelt.<\/p>\n<p>Az \u0151si templomokt\u00f3l a modern csod\u00e1kig, mint az Aswan-g\u00e1t, Egyiptom legjobb r\u00e9szeit tapasztalhatja meg mag\u00e1n egyiptol\u00f3gus vezet\u0151je seg\u00edts\u00e9g\u00e9vel. Bels\u0151 n\u00e9z\u0151pontot adnak Fels\u0151-Egyiptomr\u00f3l, \u00e9s teljes figyelmet adnak a t\u00fara sor\u00e1n.<\/p>\n<p>Nem kell agg\u00f3dnia a szervez\u00e9s miatt, mivel a r\u00e9szletes t\u00fara mag\u00e1ban foglalja a sz\u00e1ll\u00e1st, eb\u00e9det, programokat, valamint a hotel fel- \u00e9s sz\u00e1ll\u00edt\u00e1s\u00e1t. M\u00e9g az id\u0151t is teljesen szem\u00e9lyre szabhatod a saj\u00e1t k\u00e9nyelmedhez \u00e9s mag\u00e1n\u00e9let\u00e9hez.<\/p>\n<p>Ez a t\u00fara t\u00f6k\u00e9letes minden koroszt\u00e1ly\u00fa \u00e9s nem\u0171 ember sz\u00e1m\u00e1ra. K\u00e9rlek, d\u0151lj h\u00e1tra, laz\u00edts, \u00e9s hagyd, hogy mindent int\u00e9zz\u00fcnk, mik\u00f6zben \u00e9lvezed Egyiptom csod\u00e1it.<\/p>\n","protected":false},"featured_media":156991,"comment_status":"open","ping_status":"closed","template":"","meta":{"wpai_generated_summary":"","jetpack_publicize_message":"{title}\r\n\r\n{excerpt}\r\n\r\n{url}","jetpack_publicize_feature_enabled":true,"jetpack_social_post_already_shared":true,"jetpack_social_options":{"image_generator_settings":{"template":"highway","default_image_id":0,"font":"","enabled":false},"version":2},"_wpas_customize_per_network":false},"product_brand":[],"product_cat":[26519],"product_tag":[15556,15560,15572,15590,15603,15600],"class_list":["post-156992","product","type-product","status-publish","has-post-thumbnail","product_cat-egyiptomi-utazasi-csomagok","product_tag-alexandria-hu","product_tag-kairo-hu","product_tag-kirandulas","product_tag-piramisok","product_tag-szfinx","product_tag-varosnezes-hu","first","instock","sale","virtual","purchasable","product-type-simple"],"yoast_head":"<!-- This site is optimized with the Yoast SEO Premium plugin v28.4 (Yoast SEO v28.4) - https:\/\/yoast.com\/product\/yoast-seo-premium-wordpress\/ -->\n<title>12 napos Kair\u00f3i Abu Simbel t\u00faracsomag rep\u00fcl\u0151\u00fattal<\/title>\n<meta name=\"description\" content=\"12 napos Kair\u00f3i Abu Simbel t\u00faracsomag rep\u00fcl\u0151\u00fattal\" \/>\n<meta name=\"robots\" content=\"index, follow, max-snippet:-1, max-image-preview:large, max-video-preview:-1\" \/>\n<link rel=\"canonical\" href=\"https:\/\/landioustravel.com\/hu\/shop\/12-napos-kairoi-abu-simbel-turacsomag-repulouttal\/\" \/>\n<meta property=\"og:locale\" content=\"hu_HU\" \/>\n<meta property=\"og:type\" content=\"article\" \/>\n<meta property=\"og:title\" content=\"12 napos Kair\u00f3i Abu Simbel t\u00faracsomag rep\u00fcl\u0151\u00fattal\" \/>\n<meta property=\"og:description\" content=\"Landious Travel\" \/>\n<meta property=\"og:url\" content=\"https:\/\/landioustravel.com\/hu\/shop\/12-napos-kairoi-abu-simbel-turacsomag-repulouttal\/\" \/>\n<meta property=\"og:site_name\" content=\"Landious Travel\" \/>\n<meta property=\"article:publisher\" content=\"https:\/\/web.facebook.com\/landiousEgypt\" \/>\n<meta property=\"article:modified_time\" content=\"2026-08-08T09:42:38+00:00\" \/>\n<meta property=\"og:image\" content=\"https:\/\/landioustravel.com\/wp-content\/uploads\/2023\/09\/12-Day-Cairo-Abu-Simbel-Tour-Package-by-Flight-e1695273877934.jpg\" \/>\n\t<meta property=\"og:image:width\" content=\"1200\" \/>\n\t<meta property=\"og:image:height\" content=\"676\" \/>\n\t<meta property=\"og:image:type\" content=\"image\/jpeg\" \/>\n<meta name=\"twitter:card\" content=\"summary_large_image\" \/>\n<meta name=\"twitter:site\" content=\"@LandiousTours\" \/>\n<meta name=\"twitter:label1\" content=\"Becs\u00fclt olvas\u00e1si id\u0151\" \/>\n\t<meta name=\"twitter:data1\" content=\"11 perc\" \/>\n<script type=\"application\/ld+json\" class=\"yoast-schema-graph\">{\"@context\":\"https:\\\/\\\/schema.org\",\"@graph\":[{\"@type\":\"WebPage\",\"@id\":\"https:\\\/\\\/landioustravel.com\\\/hu\\\/shop\\\/12-napos-kairoi-abu-simbel-turacsomag-repulouttal\\\/\",\"url\":\"https:\\\/\\\/landioustravel.com\\\/hu\\\/shop\\\/12-napos-kairoi-abu-simbel-turacsomag-repulouttal\\\/\",\"name\":\"12 napos Kair\u00f3i Abu Simbel t\u00faracsomag rep\u00fcl\u0151\u00fattal\",\"isPartOf\":{\"@id\":\"https:\\\/\\\/landioustravel.com\\\/hu\\\/#website\"},\"primaryImageOfPage\":{\"@id\":\"https:\\\/\\\/landioustravel.com\\\/hu\\\/shop\\\/12-napos-kairoi-abu-simbel-turacsomag-repulouttal\\\/#primaryimage\"},\"image\":{\"@id\":\"https:\\\/\\\/landioustravel.com\\\/hu\\\/shop\\\/12-napos-kairoi-abu-simbel-turacsomag-repulouttal\\\/#primaryimage\"},\"thumbnailUrl\":\"https:\\\/\\\/i0.wp.com\\\/landioustravel.com\\\/wp-content\\\/uploads\\\/2023\\\/09\\\/12-Day-Cairo-Abu-Simbel-Tour-Package-by-Flight-e1695273877934.jpg?fit=1200%2C676&ssl=1\",\"datePublished\":\"2023-09-21T05:25:46+00:00\",\"dateModified\":\"2026-08-08T09:42:38+00:00\",\"description\":\"12 napos Kair\u00f3i Abu Simbel t\u00faracsomag rep\u00fcl\u0151\u00fattal\",\"breadcrumb\":{\"@id\":\"https:\\\/\\\/landioustravel.com\\\/hu\\\/shop\\\/12-napos-kairoi-abu-simbel-turacsomag-repulouttal\\\/#breadcrumb\"},\"inLanguage\":\"hu\",\"potentialAction\":[{\"@type\":\"ReadAction\",\"target\":[\"https:\\\/\\\/landioustravel.com\\\/hu\\\/shop\\\/12-napos-kairoi-abu-simbel-turacsomag-repulouttal\\\/\"]}]},{\"@type\":\"ImageObject\",\"inLanguage\":\"hu\",\"@id\":\"https:\\\/\\\/landioustravel.com\\\/hu\\\/shop\\\/12-napos-kairoi-abu-simbel-turacsomag-repulouttal\\\/#primaryimage\",\"url\":\"https:\\\/\\\/i0.wp.com\\\/landioustravel.com\\\/wp-content\\\/uploads\\\/2023\\\/09\\\/12-Day-Cairo-Abu-Simbel-Tour-Package-by-Flight-e1695273877934.jpg?fit=1200%2C676&ssl=1\",\"contentUrl\":\"https:\\\/\\\/i0.wp.com\\\/landioustravel.com\\\/wp-content\\\/uploads\\\/2023\\\/09\\\/12-Day-Cairo-Abu-Simbel-Tour-Package-by-Flight-e1695273877934.jpg?fit=1200%2C676&ssl=1\",\"width\":1200,\"height\":676,\"caption\":\"12-Day Cairo Abu Simbel Tour Package by Flight\"},{\"@type\":\"BreadcrumbList\",\"@id\":\"https:\\\/\\\/landioustravel.com\\\/hu\\\/shop\\\/12-napos-kairoi-abu-simbel-turacsomag-repulouttal\\\/#breadcrumb\",\"itemListElement\":[{\"@type\":\"ListItem\",\"position\":1,\"name\":\"Home\",\"item\":\"https:\\\/\\\/landioustravel.com\\\/hu\\\/\"},{\"@type\":\"ListItem\",\"position\":2,\"name\":\"Szolg\u00e1ltat\u00e1sok \u00e9s t\u00far\u00e1k\",\"item\":\"https:\\\/\\\/landioustravel.com\\\/hu\\\/\"},{\"@type\":\"ListItem\",\"position\":3,\"name\":\"12 napos Kair\u00f3i Abu Simbel t\u00faracsomag rep\u00fcl\u0151\u00fattal\"}]},{\"@type\":\"WebSite\",\"@id\":\"https:\\\/\\\/landioustravel.com\\\/hu\\\/#website\",\"url\":\"https:\\\/\\\/landioustravel.com\\\/hu\\\/\",\"name\":\"Landious Travel\",\"description\":\"Experience the Magic of Egypt, Designed Around You.\",\"publisher\":{\"@id\":\"https:\\\/\\\/landioustravel.com\\\/hu\\\/#organization\"},\"potentialAction\":[{\"@type\":\"SearchAction\",\"target\":{\"@type\":\"EntryPoint\",\"urlTemplate\":\"https:\\\/\\\/landioustravel.com\\\/hu\\\/?s={search_term_string}\"},\"query-input\":{\"@type\":\"PropertyValueSpecification\",\"valueRequired\":true,\"valueName\":\"search_term_string\"}}],\"inLanguage\":\"hu\"},{\"@type\":\"Organization\",\"@id\":\"https:\\\/\\\/landioustravel.com\\\/hu\\\/#organization\",\"name\":\"Landious Travel\",\"alternateName\":\"Landious Travel\",\"url\":\"https:\\\/\\\/landioustravel.com\\\/hu\\\/\",\"logo\":{\"@type\":\"ImageObject\",\"inLanguage\":\"hu\",\"@id\":\"https:\\\/\\\/landioustravel.com\\\/hu\\\/#\\\/schema\\\/logo\\\/image\\\/\",\"url\":\"https:\\\/\\\/landioustravel.com\\\/wp-content\\\/uploads\\\/2021\\\/06\\\/cropped-Landious-T-e1782108600243.png\",\"contentUrl\":\"https:\\\/\\\/landioustravel.com\\\/wp-content\\\/uploads\\\/2021\\\/06\\\/cropped-Landious-T-e1782108600243.png\",\"width\":368,\"height\":368,\"caption\":\"Landious Travel\"},\"image\":{\"@id\":\"https:\\\/\\\/landioustravel.com\\\/hu\\\/#\\\/schema\\\/logo\\\/image\\\/\"},\"sameAs\":[\"https:\\\/\\\/web.facebook.com\\\/landiousEgypt\",\"https:\\\/\\\/x.com\\\/LandiousTours\",\"https:\\\/\\\/mastodon.social\\\/@landious\"],\"email\":\"mofreh78eg@gmail.com\",\"legalName\":\"Landious Travel\"}]}<\/script>\n<!-- \/ Yoast SEO Premium plugin. -->","yoast_head_json":{"title":"12 napos Kair\u00f3i Abu Simbel t\u00faracsomag rep\u00fcl\u0151\u00fattal","description":"12 napos Kair\u00f3i Abu Simbel t\u00faracsomag rep\u00fcl\u0151\u00fattal","robots":{"index":"index","follow":"follow","max-snippet":"max-snippet:-1","max-image-preview":"max-image-preview:large","max-video-preview":"max-video-preview:-1"},"canonical":"https:\/\/landioustravel.com\/hu\/shop\/12-napos-kairoi-abu-simbel-turacsomag-repulouttal\/","og_locale":"hu_HU","og_type":"article","og_title":"12 napos Kair\u00f3i Abu Simbel t\u00faracsomag rep\u00fcl\u0151\u00fattal","og_description":"Landious Travel","og_url":"https:\/\/landioustravel.com\/hu\/shop\/12-napos-kairoi-abu-simbel-turacsomag-repulouttal\/","og_site_name":"Landious Travel","article_publisher":"https:\/\/web.facebook.com\/landiousEgypt","article_modified_time":"2026-08-08T09:42:38+00:00","og_image":[{"width":1200,"height":676,"url":"https:\/\/landioustravel.com\/wp-content\/uploads\/2023\/09\/12-Day-Cairo-Abu-Simbel-Tour-Package-by-Flight-e1695273877934.jpg","type":"image\/jpeg"}],"twitter_card":"summary_large_image","twitter_site":"@LandiousTours","twitter_misc":{"Becs\u00fclt olvas\u00e1si id\u0151":"11 perc"},"schema":{"@context":"https:\/\/schema.org","@graph":[{"@type":"WebPage","@id":"https:\/\/landioustravel.com\/hu\/shop\/12-napos-kairoi-abu-simbel-turacsomag-repulouttal\/","url":"https:\/\/landioustravel.com\/hu\/shop\/12-napos-kairoi-abu-simbel-turacsomag-repulouttal\/","name":"12 napos Kair\u00f3i Abu Simbel t\u00faracsomag rep\u00fcl\u0151\u00fattal","isPartOf":{"@id":"https:\/\/landioustravel.com\/hu\/#website"},"primaryImageOfPage":{"@id":"https:\/\/landioustravel.com\/hu\/shop\/12-napos-kairoi-abu-simbel-turacsomag-repulouttal\/#primaryimage"},"image":{"@id":"https:\/\/landioustravel.com\/hu\/shop\/12-napos-kairoi-abu-simbel-turacsomag-repulouttal\/#primaryimage"},"thumbnailUrl":"https:\/\/i0.wp.com\/landioustravel.com\/wp-content\/uploads\/2023\/09\/12-Day-Cairo-Abu-Simbel-Tour-Package-by-Flight-e1695273877934.jpg?fit=1200%2C676&ssl=1","datePublished":"2023-09-21T05:25:46+00:00","dateModified":"2026-08-08T09:42:38+00:00","description":"12 napos Kair\u00f3i Abu Simbel t\u00faracsomag rep\u00fcl\u0151\u00fattal","breadcrumb":{"@id":"https:\/\/landioustravel.com\/hu\/shop\/12-napos-kairoi-abu-simbel-turacsomag-repulouttal\/#breadcrumb"},"inLanguage":"hu","potentialAction":[{"@type":"ReadAction","target":["https:\/\/landioustravel.com\/hu\/shop\/12-napos-kairoi-abu-simbel-turacsomag-repulouttal\/"]}]},{"@type":"ImageObject","inLanguage":"hu","@id":"https:\/\/landioustravel.com\/hu\/shop\/12-napos-kairoi-abu-simbel-turacsomag-repulouttal\/#primaryimage","url":"https:\/\/i0.wp.com\/landioustravel.com\/wp-content\/uploads\/2023\/09\/12-Day-Cairo-Abu-Simbel-Tour-Package-by-Flight-e1695273877934.jpg?fit=1200%2C676&ssl=1","contentUrl":"https:\/\/i0.wp.com\/landioustravel.com\/wp-content\/uploads\/2023\/09\/12-Day-Cairo-Abu-Simbel-Tour-Package-by-Flight-e1695273877934.jpg?fit=1200%2C676&ssl=1","width":1200,"height":676,"caption":"12-Day Cairo Abu Simbel Tour Package by Flight"},{"@type":"BreadcrumbList","@id":"https:\/\/landioustravel.com\/hu\/shop\/12-napos-kairoi-abu-simbel-turacsomag-repulouttal\/#breadcrumb","itemListElement":[{"@type":"ListItem","position":1,"name":"Home","item":"https:\/\/landioustravel.com\/hu\/"},{"@type":"ListItem","position":2,"name":"Szolg\u00e1ltat\u00e1sok \u00e9s t\u00far\u00e1k","item":"https:\/\/landioustravel.com\/hu\/"},{"@type":"ListItem","position":3,"name":"12 napos Kair\u00f3i Abu Simbel t\u00faracsomag rep\u00fcl\u0151\u00fattal"}]},{"@type":"WebSite","@id":"https:\/\/landioustravel.com\/hu\/#website","url":"https:\/\/landioustravel.com\/hu\/","name":"Landious Travel","description":"Experience the Magic of Egypt, Designed Around You.","publisher":{"@id":"https:\/\/landioustravel.com\/hu\/#organization"},"potentialAction":[{"@type":"SearchAction","target":{"@type":"EntryPoint","urlTemplate":"https:\/\/landioustravel.com\/hu\/?s={search_term_string}"},"query-input":{"@type":"PropertyValueSpecification","valueRequired":true,"valueName":"search_term_string"}}],"inLanguage":"hu"},{"@type":"Organization","@id":"https:\/\/landioustravel.com\/hu\/#organization","name":"Landious Travel","alternateName":"Landious Travel","url":"https:\/\/landioustravel.com\/hu\/","logo":{"@type":"ImageObject","inLanguage":"hu","@id":"https:\/\/landioustravel.com\/hu\/#\/schema\/logo\/image\/","url":"https:\/\/landioustravel.com\/wp-content\/uploads\/2021\/06\/cropped-Landious-T-e1782108600243.png","contentUrl":"https:\/\/landioustravel.com\/wp-content\/uploads\/2021\/06\/cropped-Landious-T-e1782108600243.png","width":368,"height":368,"caption":"Landious Travel"},"image":{"@id":"https:\/\/landioustravel.com\/hu\/#\/schema\/logo\/image\/"},"sameAs":["https:\/\/web.facebook.com\/landiousEgypt","https:\/\/x.com\/LandiousTours","https:\/\/mastodon.social\/@landious"],"email":"mofreh78eg@gmail.com","legalName":"Landious Travel"}]}},"jetpack_publicize_connections":[],"jetpack_sharing_enabled":true,"jetpack_likes_enabled":true,"amp_enabled":true,"_links":{"self":[{"href":"https:\/\/landioustravel.com\/hu\/wp-json\/wp\/v2\/product\/156992","targetHints":{"allow":["GET"]}}],"collection":[{"href":"https:\/\/landioustravel.com\/hu\/wp-json\/wp\/v2\/product"}],"about":[{"href":"https:\/\/landioustravel.com\/hu\/wp-json\/wp\/v2\/types\/product"}],"replies":[{"embeddable":true,"href":"https:\/\/landioustravel.com\/hu\/wp-json\/wp\/v2\/comments?post=156992"}],"wp:featuredmedia":[{"embeddable":true,"href":"https:\/\/landioustravel.com\/hu\/wp-json\/wp\/v2\/media\/156991"}],"wp:attachment":[{"href":"https:\/\/landioustravel.com\/hu\/wp-json\/wp\/v2\/media?parent=156992"}],"wp:term":[{"taxonomy":"product_brand","embeddable":true,"href":"https:\/\/landioustravel.com\/hu\/wp-json\/wp\/v2\/product_brand?post=156992"},{"taxonomy":"product_cat","embeddable":true,"href":"https:\/\/landioustravel.com\/hu\/wp-json\/wp\/v2\/product_cat?post=156992"},{"taxonomy":"product_tag","embeddable":true,"href":"https:\/\/landioustravel.com\/hu\/wp-json\/wp\/v2\/product_tag?post=156992"}],"curies":[{"name":"wp","href":"https:\/\/api.w.org\/{rel}","templated":true}]}}